{"id":18,"date":"2018-07-03T11:57:39","date_gmt":"2018-07-03T09:57:39","guid":{"rendered":"https:\/\/www.imsc.es\/?page_id=18"},"modified":"2024-02-14T16:37:34","modified_gmt":"2024-02-14T15:37:34","slug":"inicio","status":"publish","type":"page","link":"https:\/\/www.imsc.es\/en\/","title":{"rendered":"Inicio"},"content":{"rendered":"<div id=\"pl-18\"  class=\"panel-layout\" ><div id=\"pg-18-0\"  class=\"panel-grid panel-has-style\" ><div class=\"fila-inicio siteorigin-panels-stretch panel-row-style panel-row-style-for-18-0\" data-stretch-type=\"full\" ><div id=\"pgc-18-0-0\"  class=\"panel-grid-cell panel-grid-cell-mobile-last\" ><div id=\"panel-18-0-0-0\" class=\"so-panel widget widget_text panel-first-child\" data-index=\"0\" ><div class=\"pedagogia panel-widget-style panel-widget-style-for-18-0-0-0\" ><h3 class=\"widget-title\">Pedagogy<\/h3>\t\t\t<div class=\"textwidget\"><\/div>\n\t\t<\/div><\/div><div id=\"panel-18-0-0-1\" class=\"so-panel widget widget_text panel-last-child\" data-index=\"1\" ><div class=\"montesori panel-widget-style panel-widget-style-for-18-0-0-1\" ><h3 class=\"widget-title\">Montessori<\/h3>\t\t\t<div class=\"textwidget\"><p>American School accredited by NEASC with recognition of the Junta de Andaluc\u00eda<\/p>\n<p>Personalized education that adapts to the interests of the children, favouring creativity, the pleasure of learning and their autonomy.<\/p>\n<\/div>\n\t\t<\/div><\/div><\/div><div id=\"pgc-18-0-1\"  class=\"panel-grid-cell panel-grid-cell-empty\" ><\/div><\/div><\/div><div id=\"pg-18-1\"  class=\"panel-grid panel-has-style\" ><div class=\"oferta_educativa panel-row-style panel-row-style-for-18-1\" ><div id=\"pgc-18-1-0\"  class=\"panel-grid-cell\" ><div id=\"panel-18-1-0-0\" class=\"so-panel widget widget_text panel-first-child\" data-index=\"2\" ><h3 class=\"widget-title\">Educational Offer<\/h3>\t\t\t<div class=\"textwidget\"><\/div>\n\t\t<\/div><div id=\"panel-18-1-0-1\" class=\"so-panel widget widget_widget_oferedu widget_oferedu panel-last-child\" data-index=\"3\" ><div class=\"panel-widget-style panel-widget-style-for-18-1-0-1\" >                  <div class=\"item item-1\">\n                   <a href=\"https:\/\/www.imsc.es\/en\/formacion-montessori\/infant-community\/\" rel=\"bookmark\" title=\"Infant Community\"> <img loading=\"lazy\" decoding=\"async\" class=\"imagen_formacion\" src=\"https:\/\/www.imsc.es\/en\/wp-content\/uploads\/sites\/4\/2018\/08\/kaw1.png\" alt=\"Comunidad infantil Colegio Montessori Caracoliris\" width=\"67\" height=\"67\" \/><\/a>                        <h2 class=\"entry-title\">\n                            <a href=\"https:\/\/www.imsc.es\/en\/formacion-montessori\/infant-community\/\" rel=\"bookmark\" title=\"Infant Community\">Infant Community                            \n                            <\/a>\n                        <\/h2>\n                        \n                  <\/div>\n                            <div class=\"item item-2\">\n                   <a href=\"https:\/\/www.imsc.es\/en\/formacion-montessori\/childrens-house\/\" rel=\"bookmark\" title=\"Children\u00b4s House\"> <img loading=\"lazy\" decoding=\"async\" class=\"imagen_formacion\" src=\"https:\/\/www.imsc.es\/en\/wp-content\/uploads\/sites\/4\/2018\/08\/an_011-01.png\" alt=\"Casa de Ni\u00f1os Caracoliris Colegio Montessori en M\u00e1laga\" width=\"67\" height=\"67\" \/><\/a>                        <h2 class=\"entry-title\">\n                            <a href=\"https:\/\/www.imsc.es\/en\/formacion-montessori\/childrens-house\/\" rel=\"bookmark\" title=\"Children\u00b4s House\">Children\u00b4s House                            \n                            <\/a>\n                        <\/h2>\n                        \n                  <\/div>\n                            <div class=\"item item-3\">\n                   <a href=\"https:\/\/www.imsc.es\/en\/formacion-montessori\/workshop\/\" rel=\"bookmark\" title=\"Workshop I\"> <img loading=\"lazy\" decoding=\"async\" class=\"imagen_formacion\" src=\"https:\/\/www.imsc.es\/en\/wp-content\/uploads\/sites\/4\/2018\/08\/an_011-012e.png\" alt=\"Taller I Colegio Montessori Caracoliris M\u00e1laga\" width=\"67\" height=\"67\" \/><\/a>                        <h2 class=\"entry-title\">\n                            <a href=\"https:\/\/www.imsc.es\/en\/formacion-montessori\/workshop\/\" rel=\"bookmark\" title=\"Workshop I\">Workshop I                            \n                            <\/a>\n                        <\/h2>\n                        \n                  <\/div>\n                            <div class=\"item item-4\">\n                   <a href=\"https:\/\/www.imsc.es\/en\/formacion-montessori\/workshop-ii\/\" rel=\"bookmark\" title=\"Workshop II\"> <img loading=\"lazy\" decoding=\"async\" class=\"imagen_formacion\" src=\"https:\/\/www.imsc.es\/en\/wp-content\/uploads\/sites\/4\/2018\/08\/038-06.png\" alt=\"Taller II Colegio Montessori M\u00e1laga Caracoliris\" width=\"67\" height=\"67\" \/><\/a>                        <h2 class=\"entry-title\">\n                            <a href=\"https:\/\/www.imsc.es\/en\/formacion-montessori\/workshop-ii\/\" rel=\"bookmark\" title=\"Workshop II\">Workshop II                            \n                            <\/a>\n                        <\/h2>\n                        \n                  <\/div>\n                            <div class=\"item item-5\">\n                   <a href=\"https:\/\/www.imsc.es\/en\/formacion-montessori\/pedagogical-development\/\" rel=\"bookmark\" title=\"Pedagogical development\"> <img loading=\"lazy\" decoding=\"async\" class=\"imagen_formacion\" src=\"https:\/\/www.imsc.es\/en\/wp-content\/uploads\/sites\/4\/2018\/08\/cpv1.png\" alt=\"Equipo de Desarrollo Multidisciplinar Colegio Montessori\" width=\"67\" height=\"67\" \/><\/a>                        <h2 class=\"entry-title\">\n                            <a href=\"https:\/\/www.imsc.es\/en\/formacion-montessori\/pedagogical-development\/\" rel=\"bookmark\" title=\"Pedagogical development\">Pedagogical development                            \n                            <\/a>\n                        <\/h2>\n                        \n                  <\/div>\n                            <div class=\"item item-6\">\n                   <a href=\"https:\/\/www.imsc.es\/en\/formacion-montessori\/activities-extra-curricular\/\" rel=\"bookmark\" title=\"Extracurricular Activities\"> <img loading=\"lazy\" decoding=\"async\" class=\"imagen_formacion\" src=\"https:\/\/www.imsc.es\/en\/wp-content\/uploads\/sites\/4\/2018\/08\/ski.png\" alt=\"Actividades extraescolares en Colegio Montessori\" width=\"51\" height=\"66\" \/><\/a>                        <h2 class=\"entry-title\">\n                            <a href=\"https:\/\/www.imsc.es\/en\/formacion-montessori\/activities-extra-curricular\/\" rel=\"bookmark\" title=\"Extracurricular Activities\">Extracurricular Activities                            \n                            <\/a>\n                        <\/h2>\n                        \n                  <\/div>\n          <\/div><\/div><\/div><\/div><\/div><div id=\"pg-18-2\"  class=\"panel-grid panel-has-style\" ><div class=\"docentes panel-row-style panel-row-style-for-18-2\" ><div id=\"pgc-18-2-0\"  class=\"panel-grid-cell\" ><div id=\"panel-18-2-0-0\" class=\"so-panel widget widget_widget_profes widget_profes panel-first-child panel-last-child\" data-index=\"4\" ><div class=\"listado_profesores panel-widget-style panel-widget-style-for-18-2-0-0\" ><ul id=\"carousel-profes\" class=\"owl-carousel lista-profes\">\t\t\t\t\t<li>\n\t\t\t\t\t\t<img loading=\"lazy\" decoding=\"async\" class=\"img-profe\" src=\"https:\/\/www.imsc.es\/en\/wp-content\/uploads\/sites\/4\/2019\/01\/marina-montessori-caracoliris-270x270-1548944222.jpg\" alt=\"Marina Osorio Directora Colegio Montessori Caracoliris\" width=\"270\" height=\"270\" \/><\/a><div class=\"desc-profe\"><h4>Marina Osorio<\/h4><p>Co-Director and Founder of the project<\/p><\/div>\t\t\t\t\t<\/li>\n\t\t\t\t\t\t\t\t\t<li>\n\t\t\t\t\t\t<img loading=\"lazy\" decoding=\"async\" class=\"img-profe\" src=\"https:\/\/www.imsc.es\/en\/wp-content\/uploads\/sites\/4\/2019\/01\/beatriz-ramirez-directora-montessori-270x270-1548944201.jpg\" alt=\"Beatriz Ram\u00edrez Directora Colegio Montessori\" width=\"270\" height=\"270\" \/><\/a><div class=\"desc-profe\"><h4>M. Beatriz Ram\u00edrez<\/h4><p>Co-Director and Founder of the project<\/p><\/div>\t\t\t\t\t<\/li>\n\t\t\t\t\t\t\t\t\t<li>\n\t\t\t\t\t\t<img loading=\"lazy\" decoding=\"async\" class=\"img-profe\" src=\"https:\/\/www.imsc.es\/en\/wp-content\/uploads\/sites\/4\/2019\/01\/cler-gil-shandro-270x270.jpg\" alt=\"Cler Maestra gu\u00eda Montessori M\u00e1laga\" width=\"270\" height=\"270\" \/><\/a><div class=\"desc-profe\"><h4>Cler A. Gil Shandro<\/h4><p>Teacher and Workshop Guide (native English and French)<\/p><\/div>\t\t\t\t\t<\/li>\n\t\t\t\t\t\t\t\t\t<li>\n\t\t\t\t\t\t<img loading=\"lazy\" decoding=\"async\" class=\"img-profe\" src=\"https:\/\/www.imsc.es\/en\/wp-content\/uploads\/sites\/4\/2019\/02\/juanfran-maestro-escuela-caracoliris-270x270-1549019120.jpg\" alt=\"Juan Francisco Serrano Maestro Escuela Montessori\" width=\"270\" height=\"270\" \/><\/a><div class=\"desc-profe\"><h4>Juan Francisco Serrano<\/h4><p>Teacher and Workshop Guide<\/p><\/div>\t\t\t\t\t<\/li>\n\t\t\t\t\t\t\t\t\t<li>\n\t\t\t\t\t\t<img loading=\"lazy\" decoding=\"async\" class=\"img-profe\" src=\"https:\/\/www.imsc.es\/en\/wp-content\/uploads\/sites\/4\/2019\/01\/carolina-maestra-montessori-escuela-270x270-1548944812.jpg\" alt=\"Carolina Navidad Maestra y Gu\u00eda de Casa de Ni\u00f1os\" width=\"270\" height=\"270\" \/><\/a><div class=\"desc-profe\"><h4>Carolina Navidad<\/h4><p>Children's House Teacher and Guide<\/p><\/div>\t\t\t\t\t<\/li>\n\t\t\t\t\t\t\t\t\t<li>\n\t\t\t\t\t\t<img loading=\"lazy\" decoding=\"async\" class=\"img-profe\" src=\"https:\/\/www.imsc.es\/en\/wp-content\/uploads\/sites\/4\/2019\/01\/laia-mancha-maestra-escuela-montessori-270x270.jpg\" alt=\"Laia Mancha Profesora Colegio Montessori M\u00e1laga\" width=\"270\" height=\"270\" \/><\/a><div class=\"desc-profe\"><h4>Laia A. Mancha<\/h4><p>Children's Community Teacher and Guide<\/p><\/div>\t\t\t\t\t<\/li>\n\t\t\t\t\t\t\t\t\t<li>\n\t\t\t\t\t\t<img loading=\"lazy\" decoding=\"async\" class=\"img-profe\" src=\"https:\/\/www.imsc.es\/en\/wp-content\/uploads\/sites\/4\/2018\/10\/ana-montessori-caracoliris-270x270-1540889342.png\" alt=\"Ana Mar\u00eda Tur Pedagoga y Asistente auxiliar Colegio Montessori Caracoliris\" width=\"270\" height=\"270\" \/><\/a><div class=\"desc-profe\"><h4>Ana Mar\u00eda Tur<\/h4><p>Pedagogue and Assistant<\/p><\/div>\t\t\t\t\t<\/li>\n\t\t\t\t\t\t\t\t\t<li>\n\t\t\t\t\t\t<img loading=\"lazy\" decoding=\"async\" class=\"img-profe\" src=\"https:\/\/www.imsc.es\/en\/wp-content\/uploads\/sites\/4\/2019\/10\/loli-algaba-taller-2-montessori-malaga-270x270.jpg\" alt=\"Loli Algaba Workshop Assitant Montessori Malaga\" width=\"270\" height=\"270\" \/><\/a><div class=\"desc-profe\"><h4>Loli Algaba<\/h4><p>Workshop Assitant<\/p><\/div>\t\t\t\t\t<\/li>\n\t\t\t\t\t\t\t\t\t<li>\n\t\t\t\t\t\t<img loading=\"lazy\" decoding=\"async\" class=\"img-profe\" src=\"https:\/\/www.imsc.es\/en\/wp-content\/uploads\/sites\/4\/2019\/10\/maria-reina-casa-ninos-montessori-270x270.jpg\" alt=\"Maria Reina Children's House Assistant Montessori\" width=\"270\" height=\"270\" \/><\/a><div class=\"desc-profe\"><h4>Mar\u00eda Reina<\/h4><p>Children's House Assistant<\/p><\/div>\t\t\t\t\t<\/li>\n\t\t\t\t\t\t\t\t\t<li>\n\t\t\t\t\t\t<img loading=\"lazy\" decoding=\"async\" class=\"img-profe\" src=\"https:\/\/www.imsc.es\/en\/wp-content\/uploads\/sites\/4\/2019\/10\/kristine-soms-asistente-nativa-de-habla-inglesa-taller-270x270.jpg\" alt=\"English-speaking native assistant Workshop I\" width=\"270\" height=\"270\" \/><\/a><div class=\"desc-profe\"><h4>Kristine Soms<\/h4><p>English-speaking native assistant Workshop I<\/p><\/div>\t\t\t\t\t<\/li>\n\t\t\t\t\t\t\t\t\t<li>\n\t\t\t\t\t\t<img loading=\"lazy\" decoding=\"async\" class=\"img-profe\" src=\"https:\/\/www.imsc.es\/en\/wp-content\/uploads\/sites\/4\/2021\/03\/sarah-connolly-270x270.jpg\" alt=\"Sarah Connolly\" width=\"270\" height=\"270\" \/><\/a><div class=\"desc-profe\"><h4>Sarah Connolly<\/h4><p>Native English Children's House Assistant<\/p><\/div>\t\t\t\t\t<\/li>\n\t\t\t\t\t\t\t\t\t<li>\n\t\t\t\t\t\t<img loading=\"lazy\" decoding=\"async\" class=\"img-profe\" src=\"https:\/\/www.imsc.es\/en\/wp-content\/uploads\/sites\/4\/2021\/03\/laura-ramos-maestra-270x270.jpeg\" alt=\"Laura Ramos Maestra\" width=\"270\" height=\"270\" \/><\/a><div class=\"desc-profe\"><h4>Laura Ramos<\/h4><p>Children's Community English-speaking Teacher and Assistant<\/p><\/div>\t\t\t\t\t<\/li>\n\t\t\t\t<\/ul>\t\t<script>\n\t\t(function ($) {\n\t\t$(document).ready(function(){\n\t\t\t$('#carousel-profes').owlCarousel({\n\t\t\tmargin:10,\n\t\t\tloop:true,\n\t\t\tnav:true,\n\t\t\titems:2,\n\t\t\tresponsive:{\n\t\t\t\t0:{\n\t\t\t\t\titems:1\n\t\t\t\t},\n\t\t\t\t600:{\n\t\t\t\t\titems:2\n\t\t\t\t},\n\t\t\t\t1000:{\n\t\t\t\t\titems:2\n\t\t\t\t}\n\t\t\t}\n\t\t\t})\n\t\t\t$( \".owl-prev\").html('<i class=\"icon icon-left-open\"><\/i>');\n\t\t\t$( \".owl-next\").html('<i class=\"icon icon-right-open\"><\/i>');\n\t\t});\n\t\t}(jQuery));\n\t\t<\/script>\n\n\t\t<\/div><\/div><\/div><div id=\"pgc-18-2-1\"  class=\"panel-grid-cell\" ><div id=\"panel-18-2-1-0\" class=\"so-panel widget widget_text panel-first-child panel-last-child\" data-index=\"5\" ><div class=\"texto-profes panel-widget-style panel-widget-style-for-18-2-1-0\" ><h3 class=\"widget-title\">Meet our teaching team<\/h3>\t\t\t<div class=\"textwidget\"><p>Our teaching team is made up of guides, assistants and qualified teachers with Montessori training.<\/p>\n<p>Native English speaking teachers.<\/p>\n<\/div>\n\t\t<\/div><\/div><\/div><\/div><\/div><div id=\"pg-18-3\"  class=\"panel-grid panel-has-style\" ><div class=\"informacion siteorigin-panels-stretch panel-row-style panel-row-style-for-18-3\" data-stretch-type=\"full\" ><div id=\"pgc-18-3-0\"  class=\"panel-grid-cell\" ><div id=\"panel-18-3-0-0\" class=\"so-panel widget widget_text panel-first-child panel-last-child\" data-index=\"6\" ><h3 class=\"widget-title\">Information +34 606 064 429 \/ +34 625 906 714<\/h3>\t\t\t<div class=\"textwidget\"><p>Avda. de la M\u00fasica, 120 Alhaur\u00edn de la Torre (M\u00e1laga)<\/p>\n<\/div>\n\t\t<\/div><\/div><\/div><\/div><\/div>","protected":false},"excerpt":{"rendered":"<p>Pedagogy Montessori American School accredited by NEASC with recognition of the Junta de Andaluc\u00eda Personalized education that adapts to the interests of the children, favouring creativity, the pleasure of learning and their autonomy. Educational Offer Meet our teaching team Our<\/p>\n","protected":false},"author":1,"featured_media":0,"parent":0,"menu_order":0,"comment_status":"closed","ping_status":"closed","template":"","meta":{"inline_featured_image":false,"_genesis_hide_title":false,"_genesis_hide_breadcrumbs":false,"_genesis_hide_singular_image":false,"_genesis_hide_footer_widgets":false,"_genesis_custom_body_class":"","_genesis_custom_post_class":"","_genesis_layout":"","footnotes":""},"class_list":{"0":"post-18","1":"page","2":"type-page","3":"status-publish","5":"entry"},"yoast_head":"<!-- This site is optimized with the Yoast SEO plugin v25.3 - https:\/\/yoast.com\/wordpress\/plugins\/seo\/ -->\n<title>Montessori Private School in Malaga - Home Page<\/title>\n<meta name=\"description\" content=\"Private school that teaches through the Montessori Scientific Pedagogy Model, where children are the protagonists of their own learning.\" \/>\n<meta name=\"robots\" content=\"index, follow, max-snippet:-1, max-image-preview:large, max-video-preview:-1\" \/>\n<link rel=\"canonical\" href=\"https:\/\/www.imsc.es\/en\/\" \/>\n<meta property=\"og:locale\" content=\"en_US\" \/>\n<meta property=\"og:type\" content=\"article\" \/>\n<meta property=\"og:title\" content=\"Montessori Private School in Malaga - Home Page\" \/>\n<meta property=\"og:description\" content=\"Private school that teaches through the Montessori Scientific Pedagogy Model, where children are the protagonists of their own learning.\" \/>\n<meta property=\"og:url\" content=\"https:\/\/www.imsc.es\/en\/\" \/>\n<meta property=\"og:site_name\" content=\"Caracoliris EN\" \/>\n<meta property=\"article:modified_time\" content=\"2024-02-14T15:37:34+00:00\" \/>\n<meta name=\"twitter:card\" content=\"summary_large_image\" \/>\n<meta name=\"twitter:label1\" content=\"Est. reading time\" \/>\n\t<meta name=\"twitter:data1\" content=\"1 minute\" \/>\n<script type=\"application\/ld+json\" class=\"yoast-schema-graph\">{\"@context\":\"https:\/\/schema.org\",\"@graph\":[{\"@type\":\"WebPage\",\"@id\":\"https:\/\/www.imsc.es\/en\/\",\"url\":\"https:\/\/www.imsc.es\/en\/\",\"name\":\"Montessori Private School in Malaga - Home Page\",\"isPartOf\":{\"@id\":\"https:\/\/www.imsc.es\/en\/#website\"},\"datePublished\":\"2018-07-03T09:57:39+00:00\",\"dateModified\":\"2024-02-14T15:37:34+00:00\",\"description\":\"Private school that teaches through the Montessori Scientific Pedagogy Model, where children are the protagonists of their own learning.\",\"breadcrumb\":{\"@id\":\"https:\/\/www.imsc.es\/en\/#breadcrumb\"},\"inLanguage\":\"en-US\",\"potentialAction\":[{\"@type\":\"ReadAction\",\"target\":[\"https:\/\/www.imsc.es\/en\/\"]}]},{\"@type\":\"BreadcrumbList\",\"@id\":\"https:\/\/www.imsc.es\/en\/#breadcrumb\",\"itemListElement\":[{\"@type\":\"ListItem\",\"position\":1,\"name\":\"Portada\",\"item\":\"https:\/\/www.imsc.es\/en\/\"},{\"@type\":\"ListItem\",\"position\":2,\"name\":\"Inicio\"}]},{\"@type\":\"WebSite\",\"@id\":\"https:\/\/www.imsc.es\/en\/#website\",\"url\":\"https:\/\/www.imsc.es\/en\/\",\"name\":\"Caracoliris EN\",\"description\":\"Colegio Biling\u00fce Formaci\u00f3n Montessori en M\u00e1laga\",\"publisher\":{\"@id\":\"https:\/\/www.imsc.es\/en\/#organization\"},\"potentialAction\":[{\"@type\":\"SearchAction\",\"target\":{\"@type\":\"EntryPoint\",\"urlTemplate\":\"https:\/\/www.imsc.es\/en\/?s={search_term_string}\"},\"query-input\":{\"@type\":\"PropertyValueSpecification\",\"valueRequired\":true,\"valueName\":\"search_term_string\"}}],\"inLanguage\":\"en-US\"},{\"@type\":\"Organization\",\"@id\":\"https:\/\/www.imsc.es\/en\/#organization\",\"name\":\"Caracoliris EN\",\"url\":\"https:\/\/www.imsc.es\/en\/\",\"logo\":{\"@type\":\"ImageObject\",\"inLanguage\":\"en-US\",\"@id\":\"https:\/\/www.imsc.es\/en\/#\/schema\/logo\/image\/\",\"url\":\"https:\/\/www.imsc.es\/en\/wp-content\/uploads\/sites\/4\/2024\/02\/logo-horizontal-colores.png\",\"contentUrl\":\"https:\/\/www.imsc.es\/en\/wp-content\/uploads\/sites\/4\/2024\/02\/logo-horizontal-colores.png\",\"width\":1908,\"height\":690,\"caption\":\"Caracoliris EN\"},\"image\":{\"@id\":\"https:\/\/www.imsc.es\/en\/#\/schema\/logo\/image\/\"}}]}<\/script>\n<!-- \/ Yoast SEO plugin. -->","yoast_head_json":{"title":"Montessori Private School in Malaga - Home Page","description":"Private school that teaches through the Montessori Scientific Pedagogy Model, where children are the protagonists of their own learning.","robots":{"index":"index","follow":"follow","max-snippet":"max-snippet:-1","max-image-preview":"max-image-preview:large","max-video-preview":"max-video-preview:-1"},"canonical":"https:\/\/www.imsc.es\/en\/","og_locale":"en_US","og_type":"article","og_title":"Montessori Private School in Malaga - Home Page","og_description":"Private school that teaches through the Montessori Scientific Pedagogy Model, where children are the protagonists of their own learning.","og_url":"https:\/\/www.imsc.es\/en\/","og_site_name":"Caracoliris EN","article_modified_time":"2024-02-14T15:37:34+00:00","twitter_card":"summary_large_image","twitter_misc":{"Est. reading time":"1 minute"},"schema":{"@context":"https:\/\/schema.org","@graph":[{"@type":"WebPage","@id":"https:\/\/www.imsc.es\/en\/","url":"https:\/\/www.imsc.es\/en\/","name":"Montessori Private School in Malaga - Home Page","isPartOf":{"@id":"https:\/\/www.imsc.es\/en\/#website"},"datePublished":"2018-07-03T09:57:39+00:00","dateModified":"2024-02-14T15:37:34+00:00","description":"Private school that teaches through the Montessori Scientific Pedagogy Model, where children are the protagonists of their own learning.","breadcrumb":{"@id":"https:\/\/www.imsc.es\/en\/#breadcrumb"},"inLanguage":"en-US","potentialAction":[{"@type":"ReadAction","target":["https:\/\/www.imsc.es\/en\/"]}]},{"@type":"BreadcrumbList","@id":"https:\/\/www.imsc.es\/en\/#breadcrumb","itemListElement":[{"@type":"ListItem","position":1,"name":"Portada","item":"https:\/\/www.imsc.es\/en\/"},{"@type":"ListItem","position":2,"name":"Inicio"}]},{"@type":"WebSite","@id":"https:\/\/www.imsc.es\/en\/#website","url":"https:\/\/www.imsc.es\/en\/","name":"Caracoliris EN","description":"Colegio Biling\u00fce Formaci\u00f3n Montessori en M\u00e1laga","publisher":{"@id":"https:\/\/www.imsc.es\/en\/#organization"},"potentialAction":[{"@type":"SearchAction","target":{"@type":"EntryPoint","urlTemplate":"https:\/\/www.imsc.es\/en\/?s={search_term_string}"},"query-input":{"@type":"PropertyValueSpecification","valueRequired":true,"valueName":"search_term_string"}}],"inLanguage":"en-US"},{"@type":"Organization","@id":"https:\/\/www.imsc.es\/en\/#organization","name":"Caracoliris EN","url":"https:\/\/www.imsc.es\/en\/","logo":{"@type":"ImageObject","inLanguage":"en-US","@id":"https:\/\/www.imsc.es\/en\/#\/schema\/logo\/image\/","url":"https:\/\/www.imsc.es\/en\/wp-content\/uploads\/sites\/4\/2024\/02\/logo-horizontal-colores.png","contentUrl":"https:\/\/www.imsc.es\/en\/wp-content\/uploads\/sites\/4\/2024\/02\/logo-horizontal-colores.png","width":1908,"height":690,"caption":"Caracoliris EN"},"image":{"@id":"https:\/\/www.imsc.es\/en\/#\/schema\/logo\/image\/"}}]}},"featured_image_src":null,"featured_image_src_square":null,"_links":{"self":[{"href":"https:\/\/www.imsc.es\/en\/wp-json\/wp\/v2\/pages\/18","targetHints":{"allow":["GET"]}}],"collection":[{"href":"https:\/\/www.imsc.es\/en\/wp-json\/wp\/v2\/pages"}],"about":[{"href":"https:\/\/www.imsc.es\/en\/wp-json\/wp\/v2\/types\/page"}],"author":[{"embeddable":true,"href":"https:\/\/www.imsc.es\/en\/wp-json\/wp\/v2\/users\/1"}],"replies":[{"embeddable":true,"href":"https:\/\/www.imsc.es\/en\/wp-json\/wp\/v2\/comments?post=18"}],"version-history":[{"count":7,"href":"https:\/\/www.imsc.es\/en\/wp-json\/wp\/v2\/pages\/18\/revisions"}],"predecessor-version":[{"id":1239,"href":"https:\/\/www.imsc.es\/en\/wp-json\/wp\/v2\/pages\/18\/revisions\/1239"}],"wp:attachment":[{"href":"https:\/\/www.imsc.es\/en\/wp-json\/wp\/v2\/media?parent=18"}],"curies":[{"name":"wp","href":"https:\/\/api.w.org\/{rel}","templated":true}]}}