{"id":171,"date":"2018-09-19T12:47:29","date_gmt":"2018-09-19T10:47:29","guid":{"rendered":"https:\/\/www.imsc.es\/?page_id=171"},"modified":"2020-10-28T12:51:13","modified_gmt":"2020-10-28T11:51:13","slug":"equipo-caracoliris","status":"publish","type":"page","link":"https:\/\/www.imsc.es\/en\/home\/equipo-caracoliris\/","title":{"rendered":"Team Caracoliris"},"content":{"rendered":"<div id=\"pl-171\"  class=\"panel-layout\" ><div id=\"pg-171-0\"  class=\"panel-grid panel-has-style\" ><div class=\"texto-pag-profe panel-row-style panel-row-style-for-171-0\" ><div id=\"pgc-171-0-0\"  class=\"panel-grid-cell\" ><div id=\"panel-171-0-0-0\" class=\"so-panel widget widget_text panel-first-child panel-last-child\" data-index=\"0\" ><div class=\"left-text panel-widget-style panel-widget-style-for-171-0-0-0\" >\t\t\t<div class=\"textwidget\"><p>Our teaching team consists of guides, assistants and qualified teachers with Montessori training.<\/p>\n<\/div>\n\t\t<\/div><\/div><\/div><div id=\"pgc-171-0-1\"  class=\"panel-grid-cell\" ><div id=\"panel-171-0-1-0\" class=\"so-panel widget widget_text panel-first-child panel-last-child\" data-index=\"1\" ><div class=\"right-text panel-widget-style panel-widget-style-for-171-0-1-0\" ><h3 class=\"widget-title\">Teaching Team<\/h3>\t\t\t<div class=\"textwidget\"><p>Accompany the integral development of the child towards obtaining a high academic level and high human quality through the Montessori scientific method. We encourage citizens of the future to be free, creative, autonomous, capable of making decisions, confident and safe. Guide children towards experiential and meaningful learning in an atmosphere of trust, harmony, respect and collaboration.<\/p>\n<\/div>\n\t\t<\/div><\/div><\/div><\/div><\/div><div id=\"pg-171-1\"  class=\"panel-grid panel-has-style\" ><div class=\"pag-profes panel-row-style panel-row-style-for-171-1\" ><div id=\"pgc-171-1-0\"  class=\"panel-grid-cell\" ><div id=\"panel-171-1-0-0\" class=\"so-panel widget widget_widget_profes_pag widget_profes_pag panel-first-child panel-last-child\" data-index=\"2\" ><ul class=\"lista-profes-pag\">\t\t\t\t\t<li>\n\t\t\t\t\t\t<img loading=\"lazy\" decoding=\"async\" class=\"img-profe\" src=\"https:\/\/www.imsc.es\/en\/wp-content\/uploads\/sites\/4\/2019\/01\/marina-montessori-caracoliris-270x270-1548944222.jpg\" alt=\"200\" width=\"200\" height=\"270\" \/><\/a><div class=\"desc-profe\"><h4>Marina Osorio<\/h4><p>Co-Director and Founder of the project<\/p><\/div>\t\t\t\t\t<\/li>\n\t\t\t\t\t\t\t\t\t<li>\n\t\t\t\t\t\t<img loading=\"lazy\" decoding=\"async\" class=\"img-profe\" src=\"https:\/\/www.imsc.es\/en\/wp-content\/uploads\/sites\/4\/2019\/01\/beatriz-ramirez-directora-montessori-270x270-1548944201.jpg\" alt=\"200\" width=\"200\" height=\"270\" \/><\/a><div class=\"desc-profe\"><h4>M. Beatriz Ram\u00edrez<\/h4><p>Co-Director and Founder of the project<\/p><\/div>\t\t\t\t\t<\/li>\n\t\t\t\t\t\t\t\t\t<li>\n\t\t\t\t\t\t<img loading=\"lazy\" decoding=\"async\" class=\"img-profe\" src=\"https:\/\/www.imsc.es\/en\/wp-content\/uploads\/sites\/4\/2019\/01\/cler-gil-shandro-270x270.jpg\" alt=\"200\" width=\"200\" height=\"270\" \/><\/a><div class=\"desc-profe\"><h4>Cler A. Gil Shandro<\/h4><p>Teacher and Workshop Guide (native English and French)<\/p><\/div>\t\t\t\t\t<\/li>\n\t\t\t\t\t\t\t\t\t<li>\n\t\t\t\t\t\t<img loading=\"lazy\" decoding=\"async\" class=\"img-profe\" src=\"https:\/\/www.imsc.es\/en\/wp-content\/uploads\/sites\/4\/2019\/02\/juanfran-maestro-escuela-caracoliris-270x270-1549019120.jpg\" alt=\"200\" width=\"200\" height=\"270\" \/><\/a><div class=\"desc-profe\"><h4>Juan Francisco Serrano<\/h4><p>Teacher and Workshop Guide<\/p><\/div>\t\t\t\t\t<\/li>\n\t\t\t\t\t\t\t\t\t<li>\n\t\t\t\t\t\t<img loading=\"lazy\" decoding=\"async\" class=\"img-profe\" src=\"https:\/\/www.imsc.es\/en\/wp-content\/uploads\/sites\/4\/2019\/01\/carolina-maestra-montessori-escuela-270x270-1548944812.jpg\" alt=\"200\" width=\"200\" height=\"270\" \/><\/a><div class=\"desc-profe\"><h4>Carolina Navidad<\/h4><p>Children's House Teacher and Guide<\/p><\/div>\t\t\t\t\t<\/li>\n\t\t\t\t\t\t\t\t\t<li>\n\t\t\t\t\t\t<img loading=\"lazy\" decoding=\"async\" class=\"img-profe\" src=\"https:\/\/www.imsc.es\/en\/wp-content\/uploads\/sites\/4\/2019\/01\/laia-mancha-maestra-escuela-montessori-270x270.jpg\" alt=\"200\" width=\"200\" height=\"270\" \/><\/a><div class=\"desc-profe\"><h4>Laia A. Mancha<\/h4><p>Children's Community Teacher and Guide<\/p><\/div>\t\t\t\t\t<\/li>\n\t\t\t\t\t\t\t\t\t<li>\n\t\t\t\t\t\t<img loading=\"lazy\" decoding=\"async\" class=\"img-profe\" src=\"https:\/\/www.imsc.es\/en\/wp-content\/uploads\/sites\/4\/2018\/10\/ana-montessori-caracoliris-270x270-1540889342.png\" alt=\"200\" width=\"200\" height=\"270\" \/><\/a><div class=\"desc-profe\"><h4>Ana Mar\u00eda Tur<\/h4><p>Pedagogue and Assistant<\/p><\/div>\t\t\t\t\t<\/li>\n\t\t\t\t\t\t\t\t\t<li>\n\t\t\t\t\t\t<img loading=\"lazy\" decoding=\"async\" class=\"img-profe\" src=\"https:\/\/www.imsc.es\/en\/wp-content\/uploads\/sites\/4\/2019\/10\/loli-algaba-taller-2-montessori-malaga-270x270.jpg\" alt=\"200\" width=\"200\" height=\"270\" \/><\/a><div class=\"desc-profe\"><h4>Loli Algaba<\/h4><p>Workshop Assitant<\/p><\/div>\t\t\t\t\t<\/li>\n\t\t\t\t\t\t\t\t\t<li>\n\t\t\t\t\t\t<img loading=\"lazy\" decoding=\"async\" class=\"img-profe\" src=\"https:\/\/www.imsc.es\/en\/wp-content\/uploads\/sites\/4\/2019\/10\/maria-reina-casa-ninos-montessori-270x270.jpg\" alt=\"200\" width=\"200\" height=\"270\" \/><\/a><div class=\"desc-profe\"><h4>Mar\u00eda Reina<\/h4><p>Children's House Assistant<\/p><\/div>\t\t\t\t\t<\/li>\n\t\t\t\t\t\t\t\t\t<li>\n\t\t\t\t\t\t<img loading=\"lazy\" decoding=\"async\" class=\"img-profe\" src=\"https:\/\/www.imsc.es\/en\/wp-content\/uploads\/sites\/4\/2019\/10\/kristine-soms-asistente-nativa-de-habla-inglesa-taller-270x270.jpg\" alt=\"200\" width=\"200\" height=\"270\" \/><\/a><div class=\"desc-profe\"><h4>Kristine Soms<\/h4><p>English-speaking native assistant Workshop I<\/p><\/div>\t\t\t\t\t<\/li>\n\t\t\t\t\t\t\t\t\t<li>\n\t\t\t\t\t\t<img loading=\"lazy\" decoding=\"async\" class=\"img-profe\" src=\"https:\/\/www.imsc.es\/en\/wp-content\/uploads\/sites\/4\/2021\/03\/sarah-connolly-270x270.jpg\" alt=\"200\" width=\"200\" height=\"270\" \/><\/a><div class=\"desc-profe\"><h4>Sarah Connolly<\/h4><p>Native English Children's House Assistant<\/p><\/div>\t\t\t\t\t<\/li>\n\t\t\t\t\t\t\t\t\t<li>\n\t\t\t\t\t\t<img loading=\"lazy\" decoding=\"async\" class=\"img-profe\" src=\"https:\/\/www.imsc.es\/en\/wp-content\/uploads\/sites\/4\/2021\/03\/laura-ramos-maestra-270x270.jpeg\" alt=\"200\" width=\"200\" height=\"270\" \/><\/a><div class=\"desc-profe\"><h4>Laura Ramos<\/h4><p>Children's Community English-speaking Teacher and Assistant<\/p><\/div>\t\t\t\t\t<\/li>\n\t\t\t\t<\/ul><\/div><\/div><\/div><\/div><div id=\"pg-171-2\"  class=\"panel-grid panel-no-style\" ><div id=\"pgc-171-2-0\"  class=\"panel-grid-cell\" ><div id=\"panel-171-2-0-0\" class=\"so-panel widget widget_media_image panel-first-child panel-last-child\" data-index=\"3\" ><div class=\"panel-widget-style panel-widget-style-for-171-2-0-0\" ><a href=\"http:\/\/www.centro-bemar.com\/\"><img loading=\"lazy\" decoding=\"async\" width=\"300\" height=\"300\" src=\"https:\/\/www.imsc.es\/en\/wp-content\/uploads\/sites\/4\/2018\/10\/centro-logopedia-bemar-300x300.jpeg\" class=\"image wp-image-497  attachment-medium size-medium\" alt=\"Centro Logopedia Bemar en Torremolinos M\u00e1laga\" style=\"max-width: 100%; height: auto;\" srcset=\"https:\/\/www.imsc.es\/en\/wp-content\/uploads\/sites\/4\/2018\/10\/centro-logopedia-bemar-300x300.jpeg 300w, https:\/\/www.imsc.es\/en\/wp-content\/uploads\/sites\/4\/2018\/10\/centro-logopedia-bemar-150x150.jpeg 150w, https:\/\/www.imsc.es\/en\/wp-content\/uploads\/sites\/4\/2018\/10\/centro-logopedia-bemar-70x70.jpeg 70w, https:\/\/www.imsc.es\/en\/wp-content\/uploads\/sites\/4\/2018\/10\/centro-logopedia-bemar-270x270.jpeg 270w, https:\/\/www.imsc.es\/en\/wp-content\/uploads\/sites\/4\/2018\/10\/centro-logopedia-bemar.jpeg 500w\" sizes=\"auto, (max-width: 300px) 100vw, 300px\" \/><\/a><\/div><\/div><\/div><div id=\"pgc-171-2-1\"  class=\"panel-grid-cell\" ><div id=\"panel-171-2-1-0\" class=\"so-panel widget widget_text panel-first-child panel-last-child\" data-index=\"4\" ><h3 class=\"widget-title\">Centro Bemar<\/h3>\t\t\t<div class=\"textwidget\"><p>To support the functions of the Multidisciplinary Development Team we collaborate with Centro Bemar, a multidisciplinary center specialized in <strong>Language Rehabilitation, Speech Therapy, Myofunctional Therapy, Clinical and Educational Psychology, Cognitive Stimulation, School Support and Nutrition<\/strong>. Centro Bemar has a highly qualified team of speech therapists, music therapists, nutritionists, psychologists and early care specialists.<\/p>\n<\/div>\n\t\t<\/div><\/div><\/div><div id=\"pg-171-3\"  class=\"panel-grid panel-has-style\" ><div class=\"informacion singular team siteorigin-panels-stretch panel-row-style panel-row-style-for-171-3\" data-stretch-type=\"full-stretched-padded\" ><div id=\"pgc-171-3-0\"  class=\"panel-grid-cell\" ><div id=\"panel-171-3-0-0\" class=\"so-panel widget widget_text panel-first-child\" data-index=\"5\" ><h3 class=\"widget-title\">Informaci\u00f3n +34 606 064 429 \/ +34 625 906 714<\/h3>\t\t\t<div class=\"textwidget\"><p>Avda. de la M\u00fasica, 120 Alhaur\u00edn de la Torre (M\u00e1laga)<\/p>\n<\/div>\n\t\t<\/div><div id=\"panel-171-3-0-1\" class=\"so-panel widget panel-last-child\" data-index=\"6\" ><\/div><\/div><\/div><\/div><\/div>","protected":false},"excerpt":{"rendered":"<p>International Montessori School Caracoliris presents its team of teachers.<\/p>\n","protected":false},"author":2,"featured_media":0,"parent":183,"menu_order":4,"comment_status":"closed","ping_status":"closed","template":"","meta":{"inline_featured_image":false,"_genesis_hide_title":false,"_genesis_hide_breadcrumbs":false,"_genesis_hide_singular_image":false,"_genesis_hide_footer_widgets":false,"_genesis_custom_body_class":"","_genesis_custom_post_class":"","_genesis_layout":"","footnotes":""},"class_list":{"0":"post-171","1":"page","2":"type-page","3":"status-publish","5":"entry"},"yoast_head":"<!-- This site is optimized with the Yoast SEO plugin v25.3 - https:\/\/yoast.com\/wordpress\/plugins\/seo\/ -->\n<title>Team of the Montessori School Caracoliris, M\u00e1laga - Int. School<\/title>\n<meta name=\"description\" content=\"Accompany the integral development of the child towards obtaining a high academic level and high human quality.\" \/>\n<meta name=\"robots\" content=\"index, follow, max-snippet:-1, max-image-preview:large, max-video-preview:-1\" \/>\n<link rel=\"canonical\" href=\"https:\/\/www.imsc.es\/en\/home\/equipo-caracoliris\/\" \/>\n<meta property=\"og:locale\" content=\"en_US\" \/>\n<meta property=\"og:type\" content=\"article\" \/>\n<meta property=\"og:title\" content=\"Team of the Montessori School Caracoliris, M\u00e1laga - Int. School\" \/>\n<meta property=\"og:description\" content=\"Accompany the integral development of the child towards obtaining a high academic level and high human quality.\" \/>\n<meta property=\"og:url\" content=\"https:\/\/www.imsc.es\/en\/home\/equipo-caracoliris\/\" \/>\n<meta property=\"og:site_name\" content=\"Caracoliris EN\" \/>\n<meta property=\"article:modified_time\" content=\"2020-10-28T11:51:13+00:00\" \/>\n<meta name=\"twitter:card\" content=\"summary_large_image\" \/>\n<meta name=\"twitter:label1\" content=\"Est. reading time\" \/>\n\t<meta name=\"twitter:data1\" content=\"1 minute\" \/>\n<script type=\"application\/ld+json\" class=\"yoast-schema-graph\">{\"@context\":\"https:\/\/schema.org\",\"@graph\":[{\"@type\":\"WebPage\",\"@id\":\"https:\/\/www.imsc.es\/en\/home\/equipo-caracoliris\/\",\"url\":\"https:\/\/www.imsc.es\/en\/home\/equipo-caracoliris\/\",\"name\":\"Team of the Montessori School Caracoliris, M\u00e1laga - Int. School\",\"isPartOf\":{\"@id\":\"https:\/\/www.imsc.es\/en\/#website\"},\"datePublished\":\"2018-09-19T10:47:29+00:00\",\"dateModified\":\"2020-10-28T11:51:13+00:00\",\"description\":\"Accompany the integral development of the child towards obtaining a high academic level and high human quality.\",\"breadcrumb\":{\"@id\":\"https:\/\/www.imsc.es\/en\/home\/equipo-caracoliris\/#breadcrumb\"},\"inLanguage\":\"en-US\",\"potentialAction\":[{\"@type\":\"ReadAction\",\"target\":[\"https:\/\/www.imsc.es\/en\/home\/equipo-caracoliris\/\"]}]},{\"@type\":\"BreadcrumbList\",\"@id\":\"https:\/\/www.imsc.es\/en\/home\/equipo-caracoliris\/#breadcrumb\",\"itemListElement\":[{\"@type\":\"ListItem\",\"position\":1,\"name\":\"Portada\",\"item\":\"https:\/\/www.imsc.es\/en\/\"},{\"@type\":\"ListItem\",\"position\":2,\"name\":\"Caracoliris\",\"item\":\"https:\/\/www.imsc.es\/en\/home\/\"},{\"@type\":\"ListItem\",\"position\":3,\"name\":\"Team Caracoliris\"}]},{\"@type\":\"WebSite\",\"@id\":\"https:\/\/www.imsc.es\/en\/#website\",\"url\":\"https:\/\/www.imsc.es\/en\/\",\"name\":\"Caracoliris EN\",\"description\":\"Colegio Biling\u00fce Formaci\u00f3n Montessori en M\u00e1laga\",\"publisher\":{\"@id\":\"https:\/\/www.imsc.es\/en\/#organization\"},\"potentialAction\":[{\"@type\":\"SearchAction\",\"target\":{\"@type\":\"EntryPoint\",\"urlTemplate\":\"https:\/\/www.imsc.es\/en\/?s={search_term_string}\"},\"query-input\":{\"@type\":\"PropertyValueSpecification\",\"valueRequired\":true,\"valueName\":\"search_term_string\"}}],\"inLanguage\":\"en-US\"},{\"@type\":\"Organization\",\"@id\":\"https:\/\/www.imsc.es\/en\/#organization\",\"name\":\"Caracoliris EN\",\"url\":\"https:\/\/www.imsc.es\/en\/\",\"logo\":{\"@type\":\"ImageObject\",\"inLanguage\":\"en-US\",\"@id\":\"https:\/\/www.imsc.es\/en\/#\/schema\/logo\/image\/\",\"url\":\"https:\/\/www.imsc.es\/en\/wp-content\/uploads\/sites\/4\/2024\/02\/logo-horizontal-colores.png\",\"contentUrl\":\"https:\/\/www.imsc.es\/en\/wp-content\/uploads\/sites\/4\/2024\/02\/logo-horizontal-colores.png\",\"width\":1908,\"height\":690,\"caption\":\"Caracoliris EN\"},\"image\":{\"@id\":\"https:\/\/www.imsc.es\/en\/#\/schema\/logo\/image\/\"}}]}<\/script>\n<!-- \/ Yoast SEO plugin. -->","yoast_head_json":{"title":"Team of the Montessori School Caracoliris, M\u00e1laga - Int. School","description":"Accompany the integral development of the child towards obtaining a high academic level and high human quality.","robots":{"index":"index","follow":"follow","max-snippet":"max-snippet:-1","max-image-preview":"max-image-preview:large","max-video-preview":"max-video-preview:-1"},"canonical":"https:\/\/www.imsc.es\/en\/home\/equipo-caracoliris\/","og_locale":"en_US","og_type":"article","og_title":"Team of the Montessori School Caracoliris, M\u00e1laga - Int. School","og_description":"Accompany the integral development of the child towards obtaining a high academic level and high human quality.","og_url":"https:\/\/www.imsc.es\/en\/home\/equipo-caracoliris\/","og_site_name":"Caracoliris EN","article_modified_time":"2020-10-28T11:51:13+00:00","twitter_card":"summary_large_image","twitter_misc":{"Est. reading time":"1 minute"},"schema":{"@context":"https:\/\/schema.org","@graph":[{"@type":"WebPage","@id":"https:\/\/www.imsc.es\/en\/home\/equipo-caracoliris\/","url":"https:\/\/www.imsc.es\/en\/home\/equipo-caracoliris\/","name":"Team of the Montessori School Caracoliris, M\u00e1laga - Int. School","isPartOf":{"@id":"https:\/\/www.imsc.es\/en\/#website"},"datePublished":"2018-09-19T10:47:29+00:00","dateModified":"2020-10-28T11:51:13+00:00","description":"Accompany the integral development of the child towards obtaining a high academic level and high human quality.","breadcrumb":{"@id":"https:\/\/www.imsc.es\/en\/home\/equipo-caracoliris\/#breadcrumb"},"inLanguage":"en-US","potentialAction":[{"@type":"ReadAction","target":["https:\/\/www.imsc.es\/en\/home\/equipo-caracoliris\/"]}]},{"@type":"BreadcrumbList","@id":"https:\/\/www.imsc.es\/en\/home\/equipo-caracoliris\/#breadcrumb","itemListElement":[{"@type":"ListItem","position":1,"name":"Portada","item":"https:\/\/www.imsc.es\/en\/"},{"@type":"ListItem","position":2,"name":"Caracoliris","item":"https:\/\/www.imsc.es\/en\/home\/"},{"@type":"ListItem","position":3,"name":"Team Caracoliris"}]},{"@type":"WebSite","@id":"https:\/\/www.imsc.es\/en\/#website","url":"https:\/\/www.imsc.es\/en\/","name":"Caracoliris EN","description":"Colegio Biling\u00fce Formaci\u00f3n Montessori en M\u00e1laga","publisher":{"@id":"https:\/\/www.imsc.es\/en\/#organization"},"potentialAction":[{"@type":"SearchAction","target":{"@type":"EntryPoint","urlTemplate":"https:\/\/www.imsc.es\/en\/?s={search_term_string}"},"query-input":{"@type":"PropertyValueSpecification","valueRequired":true,"valueName":"search_term_string"}}],"inLanguage":"en-US"},{"@type":"Organization","@id":"https:\/\/www.imsc.es\/en\/#organization","name":"Caracoliris EN","url":"https:\/\/www.imsc.es\/en\/","logo":{"@type":"ImageObject","inLanguage":"en-US","@id":"https:\/\/www.imsc.es\/en\/#\/schema\/logo\/image\/","url":"https:\/\/www.imsc.es\/en\/wp-content\/uploads\/sites\/4\/2024\/02\/logo-horizontal-colores.png","contentUrl":"https:\/\/www.imsc.es\/en\/wp-content\/uploads\/sites\/4\/2024\/02\/logo-horizontal-colores.png","width":1908,"height":690,"caption":"Caracoliris EN"},"image":{"@id":"https:\/\/www.imsc.es\/en\/#\/schema\/logo\/image\/"}}]}},"featured_image_src":null,"featured_image_src_square":null,"_links":{"self":[{"href":"https:\/\/www.imsc.es\/en\/wp-json\/wp\/v2\/pages\/171","targetHints":{"allow":["GET"]}}],"collection":[{"href":"https:\/\/www.imsc.es\/en\/wp-json\/wp\/v2\/pages"}],"about":[{"href":"https:\/\/www.imsc.es\/en\/wp-json\/wp\/v2\/types\/page"}],"author":[{"embeddable":true,"href":"https:\/\/www.imsc.es\/en\/wp-json\/wp\/v2\/users\/2"}],"replies":[{"embeddable":true,"href":"https:\/\/www.imsc.es\/en\/wp-json\/wp\/v2\/comments?post=171"}],"version-history":[{"count":5,"href":"https:\/\/www.imsc.es\/en\/wp-json\/wp\/v2\/pages\/171\/revisions"}],"predecessor-version":[{"id":1116,"href":"https:\/\/www.imsc.es\/en\/wp-json\/wp\/v2\/pages\/171\/revisions\/1116"}],"up":[{"embeddable":true,"href":"https:\/\/www.imsc.es\/en\/wp-json\/wp\/v2\/pages\/183"}],"wp:attachment":[{"href":"https:\/\/www.imsc.es\/en\/wp-json\/wp\/v2\/media?parent=171"}],"curies":[{"name":"wp","href":"https:\/\/api.w.org\/{rel}","templated":true}]}}